{"id":3730,"date":"2023-07-04T21:13:08","date_gmt":"2023-07-04T20:13:08","guid":{"rendered":"https:\/\/ferimet.enproceso.es\/canals-dinformacio-i-denuncia\/"},"modified":"2024-02-26T15:04:10","modified_gmt":"2024-02-26T14:04:10","slug":"canals-dinformacio-i-denuncia","status":"publish","type":"page","link":"https:\/\/ferimet.com\/ca\/canals-dinformacio-i-denuncia\/","title":{"rendered":"Canals d&#8217;informaci\u00f3 i den\u00fancia"},"content":{"rendered":"\n\t<section class=\"section\" id=\"section_693469564\">\n\t\t<div class=\"section-bg fill\" >\n\t\t\t\t\t\t\t\t\t\n\t\t\t\n\n\t\t<\/div>\n\n\t\t\n\n\t\t<div class=\"section-content relative\">\n\t\t\t\n\n  <div class=\"banner has-hover\" id=\"banner-1344129747\">\n          <div class=\"banner-inner fill\">\n        <div class=\"banner-bg fill\" >\n            <img loading=\"lazy\" decoding=\"async\" width=\"1440\" height=\"358\" src=\"https:\/\/ferimet.com\/wp-content\/uploads\/2023\/08\/conocenos-ferimet.png\" class=\"bg attachment-original size-original\" alt=\"chatarra con\u00f3cenos\" \/>                                    \n                    <\/div>\n\t\t\n        <div class=\"banner-layers container\">\n            <div class=\"fill banner-link\"><\/div>            \n   <div id=\"text-box-1553471070\" class=\"text-box banner-layer x50 md-x50 lg-x50 y50 md-y50 lg-y50 res-text\">\n                                <div class=\"text-box-content text dark\">\n              \n              <div class=\"text-inner text-center\">\n                  \n\t<div id=\"text-3126042274\" class=\"text slide-interiores\">\n\t\t\n<p>Contacte<\/p>\n\t\t\t<\/div>\n\t\n              <\/div>\n           <\/div>\n                            \n<style>\n#text-box-1553471070 {\n  width: 100%;\n}\n#text-box-1553471070 .text-box-content {\n  font-size: 100%;\n}\n@media (min-width:550px) {\n  #text-box-1553471070 {\n    width: 99%;\n  }\n}\n<\/style>\n    <\/div>\n \n        <\/div>\n      <\/div>\n\n            \n<style>\n#banner-1344129747 {\n  padding-top: 441px;\n}\n#banner-1344129747 .banner-bg img {\n  object-position: 53% 100%;\n}\n@media (min-width:550px) {\n  #banner-1344129747 {\n    padding-top: 358px;\n  }\n}\n<\/style>\n  <\/div>\n\n\n\t\t<\/div>\n\n\t\t\n<style>\n#section_693469564 {\n  padding-top: 0px;\n  padding-bottom: 0px;\n}\n<\/style>\n\t<\/section>\n\t\n\n\t<section class=\"section\" id=\"section_899176504\">\n\t\t<div class=\"section-bg fill\" >\n\t\t\t\t\t\t\t\t\t\n\t\t\t\n\n\t\t<\/div>\n\n\t\t\n\n\t\t<div class=\"section-content relative\">\n\t\t\t\n<div class=\"row\"  id=\"row-508703175\">\n\n\t<div id=\"col-458856134\" class=\"col small-12 large-12\"  >\n\t\t\t\t<div class=\"col-inner\"  >\n\t\t\t\n\t\t\t\n<span><span><a href=\"https:\/\/ferimet.com\/ca\/\">Home<\/a><\/span><\/span>\n\t\t<\/div>\n\t\t\t\t\t<\/div>\n\n\t\n<\/div>\n\t\t<\/div>\n\n\t\t\n<style>\n#section_899176504 {\n  padding-top: 30px;\n  padding-bottom: 30px;\n}\n<\/style>\n\t<\/section>\n\t\n\n\t<section class=\"section\" id=\"section_1539911289\">\n\t\t<div class=\"section-bg fill\" >\n\t\t\t\t\t\t\t\t\t\n\t\t\t\n\n\t\t<\/div>\n\n\t\t\n\n\t\t<div class=\"section-content relative\">\n\t\t\t\n<div class=\"row\"  id=\"row-1569496263\">\n\n\t<div id=\"col-292392302\" class=\"col small-12 large-12\"  >\n\t\t\t\t<div class=\"col-inner\"  >\n\t\t\t\n\t\t\t\n<h1>Canals d&#8217;informaci\u00f3 i den\u00fancia<\/h1>\n\t<div id=\"gap-298107777\" class=\"gap-element clearfix\" style=\"display:block; height:auto;\">\n\t\t\n<style>\n#gap-298107777 {\n  padding-top: 25px;\n}\n<\/style>\n\t<\/div>\n\t\n\t<div id=\"text-4188725863\" class=\"text p2\">\n\t\t\n<p>Celsa posa a la disposici\u00f3 dels seus stakeholders, derivat del nostre comprom\u00eds amb l&#8217;\u00e8tica, uns canals a trav\u00e9s dels quals poder fer arribar informaci\u00f3 i\/o preguntes sobre assumptes d&#8217;\u00e8tica.<\/p>\n<p>El sistema intern d&#8217;informaci\u00f3 permet comunicar informaci\u00f3 sobre les infraccions que puguin ser constitutives d\u201finfracci\u00f3 penal o administrativa greus o molt greus i infraccions en mat\u00e8ria de dret laboral, en mat\u00e8ria de seguretat i salut. Est\u00e0 dissenyat, establert i gestionat de manera segura, de manera que garanteix la confidencialitat de la identitat de l&#8217;informant i de qualsevol tercer esmentat en la comunicaci\u00f3, i de les actuacions que es desenvolupen en la gesti\u00f3 i tramitaci\u00f3 de la mateixa, aix\u00ed com la protecci\u00f3 de dades, impedint lacc\u00e9s de personal no autoritzat. El canal permet la presentaci\u00f3 de comunicacions verbals i escrites. Aix\u00ed mateix, estan permeses les comunicacions an\u00f2nimes.<\/p>\n<p>La possibilitat d&#8217;utilitzaci\u00f3 de canals externs d&#8217;informaci\u00f3 davant de les autoritats competents i, si escau, davant de les institucions, \u00f2rgans o organismes de la Uni\u00f3 Europea ser\u00e0 informada als denunciants quan es constitueixi l&#8217;Autoritat \u201cIndependent de Protecci\u00f3 de l&#8217;Informant\u201d d&#8217;acord amb les previsions de la normativa europea i de les normatives nacionals.<\/p>\n\t\t\t<\/div>\n\t\n\t\t<\/div>\n\t\t\t\t\t<\/div>\n\n\t\n<\/div>\n\t\t<\/div>\n\n\t\t\n<style>\n#section_1539911289 {\n  padding-top: 0px;\n  padding-bottom: 0px;\n}\n<\/style>\n\t<\/section>\n\t\n\n\t<section class=\"section\" id=\"section_712935122\">\n\t\t<div class=\"section-bg fill\" >\n\t\t\t\t\t\t\t\t\t\n\t\t\t\n\n\t\t<\/div>\n\n\t\t\n\n\t\t<div class=\"section-content relative\">\n\t\t\t\n<div class=\"row\"  id=\"row-106905464\">\n\n\t<div id=\"col-670357582\" class=\"col small-12 large-12\"  >\n\t\t\t\t<div class=\"col-inner\"  >\n\t\t\t\n\t\t\t\n\t<div id=\"text-1544080160\" class=\"text p2\">\n\t\t\n<p>A l&#8217;Atenci\u00f3 de:<br \/>\nResponsable del sistema intern de canals d&#8217;informaci\u00f3<\/p>\n<p>Adre\u00e7a:<br \/>\nCarretera V\u00eda Interpolar, Km 4, 08403 Granollers, Barcelona.<\/p>\n\t\t\t<\/div>\n\t\n\t\t<\/div>\n\t\t\t\t\t<\/div>\n\n\t\n\n\t<div id=\"col-714037020\" class=\"col medium-6 small-12 large-6\"  >\n\t\t\t\t<div class=\"col-inner\"  >\n\t\t\t\n\t\t\t\n<p>Email: <a href=\"mailto:speakup@gcelsa.com\" target=\"_blank\" rel=\"noopener\">speakup@gcelsa.com<\/a><\/p>\n\t\t<\/div>\n\t\t\t\t\t<\/div>\n\n\t\n\n\t<div id=\"col-1279570275\" class=\"col medium-6 small-12 large-6\"  >\n\t\t\t\t<div class=\"col-inner\"  >\n\t\t\t\n\t\t\t\n<p>Telf. <a href=\"tel:+34938604760\" target=\"_blank\" rel=\"noopener\">+34 938 60 47 60<\/a><\/p>\n\t\t<\/div>\n\t\t\t\t\t<\/div>\n\n\t\n<\/div>\n\t\t<\/div>\n\n\t\t\n<style>\n#section_712935122 {\n  padding-top: 30px;\n  padding-bottom: 30px;\n  background-color: rgba(243, 243, 243, 0.953);\n}\n<\/style>\n\t<\/section>\n\t\n\n\t<section class=\"section\" id=\"section_1562342165\">\n\t\t<div class=\"section-bg fill\" >\n\t\t\t\t\t\t\t\t\t\n\t\t\t\n\n\t\t<\/div>\n\n\t\t\n\n\t\t<div class=\"section-content relative\">\n\t\t\t\n<div class=\"row\"  id=\"row-992329477\">\n\n\t<div id=\"col-9160600\" class=\"col small-12 large-12\"  >\n\t\t\t\t<div class=\"col-inner\"  >\n\t\t\t\n\t\t\t\n\t<div id=\"text-532927235\" class=\"text p2\">\n\t\t\n<p>Els informants gaudeixen dels drets derivats de laplicaci\u00f3 dels principis de protecci\u00f3 de les persones que informin de la comissi\u00f3 daccions o omissions que poguessin constituir infraccions penals, administratives, de dret laboral o del dret de la Uni\u00f3 Europea, fomentant la col\u00b7laboraci\u00f3 ciutadana mitjan\u00e7ant el reconeixement de drets dels informadors i l&#8217;establiment de garanties dels mateixos davant eventuals repres\u00e0lies, tot aix\u00f2 mitjan\u00e7ant la incorporaci\u00f3 dels principis establerts a la Directiva (UE) 2019\/1937 del Parlament Europeu i del Consell, de 23 d&#8217;octubre del 2019.<\/p>\n<p>En atenci\u00f3 a aix\u00f2, els informants no podran ser objecte de repres\u00e0lies, considerant com a tal qualsevol acte que de manera directa o indirecta suposi un tracte desfavorable que situ\u00ef les persones que la pateixen en desavantatge particular en context laboral, nom\u00e9s per la seva condici\u00f3 d&#8217;informants. Estan prohibides tamb\u00e9 les amenaces de repres\u00e0lies i les temptatives de repres\u00e0lies contra persones que presentin una comunicaci\u00f3 conforme a la llei. A t\u00edtol enunciatiu, es consideren repres\u00e0lies prohibides: suspensi\u00f3 del contracte del treball, acomiadament o extinci\u00f3 de la relaci\u00f3 laboral, anul\u00b7laci\u00f3 de contractes, imposici\u00f3 de les mesures disciplin\u00e0ries; danys, inclosos els de car\u00e0cter reputacional, o p\u00e8rdues econ\u00f2miques, coaccions, intimidacions o assetjament; avaluaci\u00f3 o refer\u00e8ncies negatives respecte a l&#8217;exercici laboral; inclusi\u00f3 a llistes negres o difusi\u00f3 d&#8217;informaci\u00f3 que dificultin l&#8217;acc\u00e9s a l&#8217;ocupaci\u00f3 o la contractaci\u00f3 d&#8217;obres; denegaci\u00f3 d\u00b4un perm\u00eds; denegaci\u00f3 de formaci\u00f3; tracte desfavorable o injust.<\/p>\n\t\t\t<\/div>\n\t\n\t\t<\/div>\n\t\t\t\t\t<\/div>\n\n\t\n<\/div>\n\t\t<\/div>\n\n\t\t\n<style>\n#section_1562342165 {\n  padding-top: 30px;\n  padding-bottom: 30px;\n}\n<\/style>\n\t<\/section>\n\t\n\t<div id=\"gap-1954236477\" class=\"gap-element clearfix\" style=\"display:block; height:auto;\">\n\t\t\n<style>\n#gap-1954236477 {\n  padding-top: 70px;\n}\n<\/style>\n\t<\/div>\n\t\n","protected":false},"excerpt":{"rendered":"","protected":false},"author":1,"featured_media":0,"parent":0,"menu_order":0,"comment_status":"closed","ping_status":"closed","template":"","meta":{"_acf_changed":false,"footnotes":""},"class_list":["post-3730","page","type-page","status-publish","hentry"],"acf":[],"yoast_head":"<!-- This site is optimized with the Yoast SEO plugin v27.1.1 - https:\/\/yoast.com\/product\/yoast-seo-wordpress\/ -->\n<title>Canals d&#039;informaci\u00f3 i den\u00fancia - Ferimet<\/title>\n<meta name=\"description\" content=\"Ferimet, mitjan\u00e7ant Celsa Group, posa a la disposici\u00f3 dels seus stakeholders canals d&#039;informaci\u00f3 per a tractar assumptes d&#039;\u00e8tica.\" \/>\n<meta name=\"robots\" content=\"index, follow, max-snippet:-1, max-image-preview:large, max-video-preview:-1\" \/>\n<link rel=\"canonical\" href=\"https:\/\/ferimet.com\/ca\/canals-dinformacio-i-denuncia\/\" \/>\n<meta property=\"og:locale\" content=\"ca_ES\" \/>\n<meta property=\"og:type\" content=\"article\" \/>\n<meta property=\"og:title\" content=\"Canals d&#039;informaci\u00f3 i den\u00fancia - Ferimet\" \/>\n<meta property=\"og:description\" content=\"Ferimet, mitjan\u00e7ant Celsa Group, posa a la disposici\u00f3 dels seus stakeholders canals d&#039;informaci\u00f3 per a tractar assumptes d&#039;\u00e8tica.\" \/>\n<meta property=\"og:url\" content=\"https:\/\/ferimet.com\/ca\/canals-dinformacio-i-denuncia\/\" \/>\n<meta property=\"og:site_name\" content=\"Ferimet\" \/>\n<meta property=\"article:modified_time\" content=\"2024-02-26T14:04:10+00:00\" \/>\n<meta name=\"twitter:card\" content=\"summary_large_image\" \/>\n<meta name=\"twitter:site\" content=\"@CelsaGroup\" \/>\n<meta name=\"twitter:label1\" content=\"Temps estimat de lectura\" \/>\n\t<meta name=\"twitter:data1\" content=\"3 minuts\" \/>\n<script type=\"application\/ld+json\" class=\"yoast-schema-graph\">{\"@context\":\"https:\/\/schema.org\",\"@graph\":[{\"@type\":\"WebPage\",\"@id\":\"https:\/\/ferimet.com\/ca\/canals-dinformacio-i-denuncia\/\",\"url\":\"https:\/\/ferimet.com\/ca\/canals-dinformacio-i-denuncia\/\",\"name\":\"Canals d'informaci\u00f3 i den\u00fancia - Ferimet\",\"isPartOf\":{\"@id\":\"https:\/\/ferimet.com\/ca\/#website\"},\"datePublished\":\"2023-07-04T20:13:08+00:00\",\"dateModified\":\"2024-02-26T14:04:10+00:00\",\"description\":\"Ferimet, mitjan\u00e7ant Celsa Group, posa a la disposici\u00f3 dels seus stakeholders canals d'informaci\u00f3 per a tractar assumptes d'\u00e8tica.\",\"breadcrumb\":{\"@id\":\"https:\/\/ferimet.com\/ca\/canals-dinformacio-i-denuncia\/#breadcrumb\"},\"inLanguage\":\"ca\",\"potentialAction\":[{\"@type\":\"ReadAction\",\"target\":[\"https:\/\/ferimet.com\/ca\/canals-dinformacio-i-denuncia\/\"]}]},{\"@type\":\"BreadcrumbList\",\"@id\":\"https:\/\/ferimet.com\/ca\/canals-dinformacio-i-denuncia\/#breadcrumb\",\"itemListElement\":[{\"@type\":\"ListItem\",\"position\":1,\"name\":\"Home\",\"item\":\"https:\/\/ferimet.com\/ca\/\"},{\"@type\":\"ListItem\",\"position\":2,\"name\":\"Canals d&#8217;informaci\u00f3 i den\u00fancia\"}]},{\"@type\":\"WebSite\",\"@id\":\"https:\/\/ferimet.com\/ca\/#website\",\"url\":\"https:\/\/ferimet.com\/ca\/\",\"name\":\"Ferimet\",\"description\":\"\",\"publisher\":{\"@id\":\"https:\/\/ferimet.com\/ca\/#organization\"},\"potentialAction\":[{\"@type\":\"SearchAction\",\"target\":{\"@type\":\"EntryPoint\",\"urlTemplate\":\"https:\/\/ferimet.com\/ca\/?s={search_term_string}\"},\"query-input\":{\"@type\":\"PropertyValueSpecification\",\"valueRequired\":true,\"valueName\":\"search_term_string\"}}],\"inLanguage\":\"ca\"},{\"@type\":\"Organization\",\"@id\":\"https:\/\/ferimet.com\/ca\/#organization\",\"name\":\"Ferimet\",\"url\":\"https:\/\/ferimet.com\/ca\/\",\"logo\":{\"@type\":\"ImageObject\",\"inLanguage\":\"ca\",\"@id\":\"https:\/\/ferimet.com\/ca\/#\/schema\/logo\/image\/\",\"url\":\"https:\/\/ferimet.com\/wp-content\/uploads\/2023\/09\/logo-ferimet-footer.svg\",\"contentUrl\":\"https:\/\/ferimet.com\/wp-content\/uploads\/2023\/09\/logo-ferimet-footer.svg\",\"width\":1,\"height\":1,\"caption\":\"Ferimet\"},\"image\":{\"@id\":\"https:\/\/ferimet.com\/ca\/#\/schema\/logo\/image\/\"},\"sameAs\":[\"https:\/\/x.com\/CelsaGroup\",\"https:\/\/www.linkedin.com\/company\/celsa\",\"https:\/\/www.instagram.com\/celsa_group\/\"]}]}<\/script>\n<!-- \/ Yoast SEO plugin. -->","yoast_head_json":{"title":"Canals d'informaci\u00f3 i den\u00fancia - Ferimet","description":"Ferimet, mitjan\u00e7ant Celsa Group, posa a la disposici\u00f3 dels seus stakeholders canals d'informaci\u00f3 per a tractar assumptes d'\u00e8tica.","robots":{"index":"index","follow":"follow","max-snippet":"max-snippet:-1","max-image-preview":"max-image-preview:large","max-video-preview":"max-video-preview:-1"},"canonical":"https:\/\/ferimet.com\/ca\/canals-dinformacio-i-denuncia\/","og_locale":"ca_ES","og_type":"article","og_title":"Canals d'informaci\u00f3 i den\u00fancia - Ferimet","og_description":"Ferimet, mitjan\u00e7ant Celsa Group, posa a la disposici\u00f3 dels seus stakeholders canals d'informaci\u00f3 per a tractar assumptes d'\u00e8tica.","og_url":"https:\/\/ferimet.com\/ca\/canals-dinformacio-i-denuncia\/","og_site_name":"Ferimet","article_modified_time":"2024-02-26T14:04:10+00:00","twitter_card":"summary_large_image","twitter_site":"@CelsaGroup","twitter_misc":{"Temps estimat de lectura":"3 minuts"},"schema":{"@context":"https:\/\/schema.org","@graph":[{"@type":"WebPage","@id":"https:\/\/ferimet.com\/ca\/canals-dinformacio-i-denuncia\/","url":"https:\/\/ferimet.com\/ca\/canals-dinformacio-i-denuncia\/","name":"Canals d'informaci\u00f3 i den\u00fancia - Ferimet","isPartOf":{"@id":"https:\/\/ferimet.com\/ca\/#website"},"datePublished":"2023-07-04T20:13:08+00:00","dateModified":"2024-02-26T14:04:10+00:00","description":"Ferimet, mitjan\u00e7ant Celsa Group, posa a la disposici\u00f3 dels seus stakeholders canals d'informaci\u00f3 per a tractar assumptes d'\u00e8tica.","breadcrumb":{"@id":"https:\/\/ferimet.com\/ca\/canals-dinformacio-i-denuncia\/#breadcrumb"},"inLanguage":"ca","potentialAction":[{"@type":"ReadAction","target":["https:\/\/ferimet.com\/ca\/canals-dinformacio-i-denuncia\/"]}]},{"@type":"BreadcrumbList","@id":"https:\/\/ferimet.com\/ca\/canals-dinformacio-i-denuncia\/#breadcrumb","itemListElement":[{"@type":"ListItem","position":1,"name":"Home","item":"https:\/\/ferimet.com\/ca\/"},{"@type":"ListItem","position":2,"name":"Canals d&#8217;informaci\u00f3 i den\u00fancia"}]},{"@type":"WebSite","@id":"https:\/\/ferimet.com\/ca\/#website","url":"https:\/\/ferimet.com\/ca\/","name":"Ferimet","description":"","publisher":{"@id":"https:\/\/ferimet.com\/ca\/#organization"},"potentialAction":[{"@type":"SearchAction","target":{"@type":"EntryPoint","urlTemplate":"https:\/\/ferimet.com\/ca\/?s={search_term_string}"},"query-input":{"@type":"PropertyValueSpecification","valueRequired":true,"valueName":"search_term_string"}}],"inLanguage":"ca"},{"@type":"Organization","@id":"https:\/\/ferimet.com\/ca\/#organization","name":"Ferimet","url":"https:\/\/ferimet.com\/ca\/","logo":{"@type":"ImageObject","inLanguage":"ca","@id":"https:\/\/ferimet.com\/ca\/#\/schema\/logo\/image\/","url":"https:\/\/ferimet.com\/wp-content\/uploads\/2023\/09\/logo-ferimet-footer.svg","contentUrl":"https:\/\/ferimet.com\/wp-content\/uploads\/2023\/09\/logo-ferimet-footer.svg","width":1,"height":1,"caption":"Ferimet"},"image":{"@id":"https:\/\/ferimet.com\/ca\/#\/schema\/logo\/image\/"},"sameAs":["https:\/\/x.com\/CelsaGroup","https:\/\/www.linkedin.com\/company\/celsa","https:\/\/www.instagram.com\/celsa_group\/"]}]}},"_links":{"self":[{"href":"https:\/\/ferimet.com\/ca\/wp-json\/wp\/v2\/pages\/3730","targetHints":{"allow":["GET"]}}],"collection":[{"href":"https:\/\/ferimet.com\/ca\/wp-json\/wp\/v2\/pages"}],"about":[{"href":"https:\/\/ferimet.com\/ca\/wp-json\/wp\/v2\/types\/page"}],"author":[{"embeddable":true,"href":"https:\/\/ferimet.com\/ca\/wp-json\/wp\/v2\/users\/1"}],"replies":[{"embeddable":true,"href":"https:\/\/ferimet.com\/ca\/wp-json\/wp\/v2\/comments?post=3730"}],"version-history":[{"count":4,"href":"https:\/\/ferimet.com\/ca\/wp-json\/wp\/v2\/pages\/3730\/revisions"}],"predecessor-version":[{"id":4216,"href":"https:\/\/ferimet.com\/ca\/wp-json\/wp\/v2\/pages\/3730\/revisions\/4216"}],"wp:attachment":[{"href":"https:\/\/ferimet.com\/ca\/wp-json\/wp\/v2\/media?parent=3730"}],"curies":[{"name":"wp","href":"https:\/\/api.w.org\/{rel}","templated":true}]}}